{"id":2,"date":"2018-11-03T14:23:41","date_gmt":"2018-11-03T13:23:41","guid":{"rendered":"http:\/\/unterm-nussbaeumle.de\/wordpress\/?page_id=2"},"modified":"2023-04-24T17:29:08","modified_gmt":"2023-04-24T15:29:08","slug":"beispiel-seite","status":"publish","type":"page","link":"http:\/\/unterm-nussbaeumle.de\/wordpress\/beispiel-seite\/","title":{"rendered":"Ferienwohnung"},"content":{"rendered":"\n<p><strong>Komfortabel schlafen im Gr\u00fcnen im 3 Sterne Appartement <\/strong><\/p>\n\n\n\n<p style=\"font-size:26px\"><strong>\u201eUnter&#8217;m Nussb\u00e4umle\u201c<\/strong><\/p>\n\n\n\n<p>Zweizimmerwohnung 55 qm in gehobener Ausstattung, sehr sch\u00f6n und modern eingerichtet, Schlafzimmer mit Doppelbett, Wohnzimmer mit Schlafsofa (1,40 m), TV-Ger\u00e4t, DVD-Player, Stereoanlage, Wireless-LAN, Einbauk\u00fcchenzeile und Essplatz, Flur, Dusche und WC, Fussbodenheizung, Terrasse, in sehr ruhiger Adelhausener Wohnlage (Kegelplatz). Bettw\u00e4sche, Handt\u00fccher, K\u00fcchent\u00fccher inkl. Rauchen nur auf der Terrasse m\u00f6glich. Appartement Unterm Nussb\u00e4umle ist im April 2018 vom Deutschen Tourismus-Verband mit 3 Sternen klassifiziert worden. <\/p>\n\n\n\n<p><br><strong><em>Preise inkl. t\u00e4glicher Reinigungs-Service &nbsp;(wie im Hotel) :<\/em><\/strong> <br><\/p>\n\n\n\n<figure class=\"wp-block-table is-style-regular\"><table><tbody><tr><td>1 Person<\/td><td>70 \u20ac \/ Nacht<\/td><\/tr><tr><td>2 Personen<\/td><td>80 \u20ac \/ Nacht<\/td><\/tr><tr><td>3 Personen<\/td><td>90 \u20ac \/ Nacht<\/td><\/tr><tr><td>Kurzzeitzuschlag 1-2 N\u00e4chte<\/td><td>20 \u20ac \/ Nacht<\/td><\/tr><tr><td>Kurzzeitzuschlag&nbsp; 3-4 N\u00e4chte<\/td><td>15 \u20ac \/ Nacht<\/td><\/tr><tr><td>Kurzzeitzuschlag&nbsp; 5 N\u00e4chte<\/td><td>10 \u20ac \/ Nacht<\/td><\/tr><tr><td>Kurzzeitzuschlag&nbsp; 6 N\u00e4chte<\/td><td>5 \u20ac \/ Nacht <br><\/td><\/tr><tr><td>Babybett<br><\/td><td>10 \u20ac \/ einmalig<\/td><\/tr><tr><td>Kleines Fr\u00fchst\u00fcck zur Selbstversorgung<\/td><td>individuell<\/td><\/tr><\/tbody><\/table><\/figure>\n\n\n\n<div data-wp-interactive=\"core\/file\" class=\"wp-block-file\"><object data-wp-bind--hidden=\"!state.hasPdfPreview\" hidden class=\"wp-block-file__embed\" data=\"http:\/\/unterm-nussbaeumle.de\/wordpress\/wp-content\/uploads\/2023\/04\/Flyer_Fewo-ab-januar-23.pdf\" type=\"application\/pdf\" style=\"width:100%;height:600px\" aria-label=\"Einbettung von Flyer_Fewo-ab-januar-23.\"><\/object><a id=\"wp-block-file--media-26047691-7238-460a-9f47-430448a7e436\" href=\"http:\/\/unterm-nussbaeumle.de\/wordpress\/wp-content\/uploads\/2023\/04\/Flyer_Fewo-ab-januar-23.pdf\">Flyer_Fewo-ab-januar-23<\/a><a href=\"http:\/\/unterm-nussbaeumle.de\/wordpress\/wp-content\/uploads\/2023\/04\/Flyer_Fewo-ab-januar-23.pdf\" class=\"wp-block-file__button wp-element-button\" download aria-describedby=\"wp-block-file--media-26047691-7238-460a-9f47-430448a7e436\">Download<\/a><\/div>\n","protected":false},"excerpt":{"rendered":"<p>Komfortabel schlafen im Gr\u00fcnen im 3 Sterne Appartement \u201eUnter&#8217;m Nussb\u00e4umle\u201c Zweizimmerwohnung 55 qm in gehobener Ausstattung, sehr sch\u00f6n und modern eingerichtet, Schlafzimmer mit Doppelbett, Wohnzimmer mit Schlafsofa (1,40 m), TV-Ger\u00e4t, DVD-Player, Stereoanlage, Wireless-LAN, Einbauk\u00fcchenzeile und Essplatz, Flur, Dusche und WC, Fussbodenheizung, Terrasse, in sehr ruhiger Adelhausener Wohnlage (Kegelplatz). Bettw\u00e4sche, Handt\u00fccher, K\u00fcchent\u00fccher inkl. Rauchen nur auf &hellip; <a href=\"http:\/\/unterm-nussbaeumle.de\/wordpress\/beispiel-seite\/\" class=\"more-link\"><span class=\"screen-reader-text\">Ferienwohnung<\/span> weiterlesen<\/a><\/p>\n","protected":false},"author":1,"featured_media":67,"parent":0,"menu_order":0,"comment_status":"closed","ping_status":"open","template":"","meta":{"footnotes":""},"class_list":["post-2","page","type-page","status-publish","has-post-thumbnail","hentry","gallery-content-unit"],"_links":{"self":[{"href":"http:\/\/unterm-nussbaeumle.de\/wordpress\/wp-json\/wp\/v2\/pages\/2","targetHints":{"allow":["GET"]}}],"collection":[{"href":"http:\/\/unterm-nussbaeumle.de\/wordpress\/wp-json\/wp\/v2\/pages"}],"about":[{"href":"http:\/\/unterm-nussbaeumle.de\/wordpress\/wp-json\/wp\/v2\/types\/page"}],"author":[{"embeddable":true,"href":"http:\/\/unterm-nussbaeumle.de\/wordpress\/wp-json\/wp\/v2\/users\/1"}],"replies":[{"embeddable":true,"href":"http:\/\/unterm-nussbaeumle.de\/wordpress\/wp-json\/wp\/v2\/comments?post=2"}],"version-history":[{"count":14,"href":"http:\/\/unterm-nussbaeumle.de\/wordpress\/wp-json\/wp\/v2\/pages\/2\/revisions"}],"predecessor-version":[{"id":212,"href":"http:\/\/unterm-nussbaeumle.de\/wordpress\/wp-json\/wp\/v2\/pages\/2\/revisions\/212"}],"wp:featuredmedia":[{"embeddable":true,"href":"http:\/\/unterm-nussbaeumle.de\/wordpress\/wp-json\/wp\/v2\/media\/67"}],"wp:attachment":[{"href":"http:\/\/unterm-nussbaeumle.de\/wordpress\/wp-json\/wp\/v2\/media?parent=2"}],"curies":[{"name":"wp","href":"https:\/\/api.w.org\/{rel}","templated":true}]}}